{"id":175,"date":"2024-01-08T11:09:18","date_gmt":"2024-01-08T10:09:18","guid":{"rendered":"https:\/\/esthetiquekm.com\/?page_id=175"},"modified":"2025-09-27T11:11:42","modified_gmt":"2025-09-27T09:11:42","slug":"soins-du-regard","status":"publish","type":"page","link":"https:\/\/esthetiquekm.com\/index.php\/soins-du-regard\/","title":{"rendered":"Soins du regard"},"content":{"rendered":"\n<p class=\"has-white-color has-text-color has-background has-link-color has-medium-font-size wp-elements-1 wp-block-paragraph\" style=\"background-color:#b68e48db\"><strong>Soins du regard<\/strong><\/p>\n\n\n\n<ul class=\"wp-block-list\">\n<li>Modelage des sourcils &#8230;&#8230;&#8230;&#8230;&#8230;&#8230;&#8230;. 30 \u20ac<\/li>\n\n\n\n<li>Nettoyage des sourcils &#8230;&#8230;&#8230;&#8230;&#8230;&#8230;&#8230; 25 \u20ac <\/li>\n\n\n\n<li>Teinture des sourcils &#8230;&#8230;&#8230;&#8230;&#8230;&#8230;&#8230;&#8230;. 20 \u20ac<\/li>\n\n\n\n<li>Teinture des cils &#8230;&#8230;&#8230;&#8230;&#8230;&#8230;&#8230;&#8230;&#8230;&#8230;.. 25 \u20ac<\/li>\n\n\n\n<li>Rehaussement des sourcils &#8230;&#8230;&#8230;&#8230; 100 \u20ac<\/li>\n\n\n\n<li>Rehaussement des cils &#8230;&#8230;&#8230;&#8230;&#8230;&#8230;. 100 \u20ac&nbsp;<\/li>\n<\/ul>\n\n\n\n<p class=\"has-white-color has-text-color has-background has-link-color has-medium-font-size wp-elements-2 wp-block-paragraph\" style=\"background-color:#b68e48db\"><strong>Maquillage semi-permanent<\/strong><\/p>\n\n\n\n<p class=\"has-luminous-vivid-orange-color has-text-color has-link-color has-medium-font-size wp-elements-3 wp-block-paragraph\"><em><strong>Sourcils<\/strong><\/em><\/p>\n\n\n\n<ul class=\"wp-block-list\">\n<li>Effet poudr\u00e9 &#8230;&#8230;&#8230;&#8230;&#8230;&#8230;&#8230;&#8230;&#8230;&#8230;&#8230;&#8230;&#8230;&#8230;&#8230;&#8230;&#8230;&#8230;&#8230;&#8230;&#8230;. 300 \u20ac&nbsp;<\/li>\n\n\n\n<li>Ombrage et correction de la couleur &#8230;&#8230;&#8230;&#8230;&#8230;&#8230;&#8230;&#8230; 300 \u20ac&nbsp;<\/li>\n<\/ul>\n\n\n\n<p class=\"has-luminous-vivid-orange-color has-text-color has-link-color has-medium-font-size wp-elements-4 wp-block-paragraph\"><em><strong>L\u00e8vres<\/strong><\/em><\/p>\n\n\n\n<ul class=\"wp-block-list\">\n<li>Illumination et correction de la couleur &#8230;&#8230;&#8230;3 s\u00e9ances &#8230;&#8230;&#8230; 500 \u20ac<\/li>\n\n\n\n<li>Effet glamour&#8230;&#8230;&#8230;&#8230;&#8230;&#8230;&#8230;&#8230;&#8230;&#8230;&#8230;&#8230;&#8230;&#8230;&#8230;&#8230;.. 2 s\u00e9ances &#8230;&#8230;&#8230; 500 \u20ac<\/li>\n\n\n\n<li>Effet naturel &#8230;&#8230;&#8230;&#8230;&#8230;&#8230;&#8230;&#8230;&#8230;&#8230;&#8230;&#8230;&#8230;&#8230;&#8230;&#8230;&#8230;.. 1 s\u00e9ance &#8230;&#8230;&#8230;. 250 \u20ac<br>(2 s\u00e9ances si la retouche est n\u00e9cessaire)<\/li>\n<\/ul>\n\n\n\n<p class=\"wp-block-paragraph\"><\/p>\n\n\n\n<p class=\"has-black-color has-luminous-vivid-amber-background-color has-text-color has-background has-link-color has-small-font-size wp-elements-5 wp-block-paragraph\"><strong><mark style=\"background-color:rgba(0, 0, 0, 0)\" class=\"has-inline-color has-black-color\">Tarifs au 1<sup>er<\/sup> janvier 2025 &#8211; Contactez-nous pour conna\u00eetre l&rsquo;\u00e9volution des prix.<\/mark><\/strong><\/p>\n","protected":false},"excerpt":{"rendered":"<p>Soins du regard Maquillage semi-permanent Sourcils L\u00e8vres Tarifs au 1er janvier 2025 &#8211; Contactez-nous pour conna\u00eetre l&rsquo;\u00e9volution des prix.<\/p>\n","protected":false},"author":1,"featured_media":265,"parent":0,"menu_order":0,"comment_status":"closed","ping_status":"closed","template":"","meta":{"_monsterinsights_skip_tracking":false,"_uf_show_specific_survey":0,"_uf_disable_surveys":false,"footnotes":""},"class_list":["post-175","page","type-page","status-publish","has-post-thumbnail","hentry"],"aioseo_notices":[],"aioseo_head":"\n\t\t<!-- All in One SEO 5.0.1.1 - aioseo.com -->\n\t<meta name=\"description\" content=\"Soins du regard Modelage des sourcils ...................... 30 \u20ac Nettoyage des sourcils ..................... 25 \u20ac Teinture des sourcils ......................... 20 \u20ac Teinture des cils ................................ 25 \u20ac Rehaussement des sourcils ............ 100 \u20ac Rehaussement des cils ................... 100 \u20ac Maquillage semi-permanent Sourcils Effet poudr\u00e9 ................................................................ 300 \u20ac Ombrage et correction de la couleur ........................ 300\" \/>\n\t<meta name=\"robots\" content=\"max-image-preview:large\" \/>\n\t<link rel=\"canonical\" href=\"https:\/\/esthetiquekm.com\/index.php\/soins-du-regard\/\" \/>\n\t<meta name=\"generator\" content=\"All in One SEO (AIOSEO) 5.0.1.1\" \/>\n\t\t<meta property=\"og:locale\" content=\"fr_FR\" \/>\n\t\t<meta property=\"og:site_name\" content=\"Kristina Meyer - Institut de beaut\u00e9 - M\u00e9decine Esth\u00e9tique\" \/>\n\t\t<meta property=\"og:type\" content=\"article\" \/>\n\t\t<meta property=\"og:title\" content=\"Soins du regard - Kristina Meyer\" \/>\n\t\t<meta property=\"og:description\" content=\"Soins du regard Modelage des sourcils ...................... 30 \u20ac Nettoyage des sourcils ..................... 25 \u20ac Teinture des sourcils ......................... 20 \u20ac Teinture des cils ................................ 25 \u20ac Rehaussement des sourcils ............ 100 \u20ac Rehaussement des cils ................... 100 \u20ac Maquillage semi-permanent Sourcils Effet poudr\u00e9 ................................................................ 300 \u20ac Ombrage et correction de la couleur ........................ 300\" \/>\n\t\t<meta property=\"og:url\" content=\"https:\/\/esthetiquekm.com\/index.php\/soins-du-regard\/\" \/>\n\t\t<meta property=\"article:published_time\" content=\"2024-01-08T10:09:18+00:00\" \/>\n\t\t<meta property=\"article:modified_time\" content=\"2025-09-27T09:11:42+00:00\" \/>\n\t\t<meta name=\"twitter:card\" content=\"summary_large_image\" \/>\n\t\t<meta name=\"twitter:title\" content=\"Soins du regard - Kristina Meyer\" \/>\n\t\t<meta name=\"twitter:description\" content=\"Soins du regard Modelage des sourcils ...................... 30 \u20ac Nettoyage des sourcils ..................... 25 \u20ac Teinture des sourcils ......................... 20 \u20ac Teinture des cils ................................ 25 \u20ac Rehaussement des sourcils ............ 100 \u20ac Rehaussement des cils ................... 100 \u20ac Maquillage semi-permanent Sourcils Effet poudr\u00e9 ................................................................ 300 \u20ac Ombrage et correction de la couleur ........................ 300\" \/>\n\t\t<script type=\"application\/ld+json\" class=\"aioseo-schema\">\n\t\t\t{\"@context\":\"https:\\\/\\\/schema.org\",\"@graph\":[{\"@type\":\"BreadcrumbList\",\"@id\":\"https:\\\/\\\/esthetiquekm.com\\\/index.php\\\/soins-du-regard\\\/#breadcrumblist\",\"itemListElement\":[{\"@type\":\"ListItem\",\"@id\":\"https:\\\/\\\/esthetiquekm.com#listItem\",\"position\":1,\"name\":\"Home\",\"item\":\"https:\\\/\\\/esthetiquekm.com\",\"nextItem\":{\"@type\":\"ListItem\",\"@id\":\"https:\\\/\\\/esthetiquekm.com\\\/index.php\\\/soins-du-regard\\\/#listItem\",\"name\":\"Soins du regard\"}},{\"@type\":\"ListItem\",\"@id\":\"https:\\\/\\\/esthetiquekm.com\\\/index.php\\\/soins-du-regard\\\/#listItem\",\"position\":2,\"name\":\"Soins du regard\",\"previousItem\":{\"@type\":\"ListItem\",\"@id\":\"https:\\\/\\\/esthetiquekm.com#listItem\",\"name\":\"Home\"}}]},{\"@type\":\"Organization\",\"@id\":\"https:\\\/\\\/esthetiquekm.com\\\/#organization\",\"name\":\"Institut Medecine Esthetique Kristina Meyer\",\"description\":\"Institut de beaut\\u00e9 - M\\u00e9decine Esth\\u00e9tique\",\"url\":\"https:\\\/\\\/esthetiquekm.com\\\/\",\"telephone\":\"+33146341510\",\"logo\":{\"@type\":\"ImageObject\",\"url\":\"https:\\\/\\\/esthetiquekm.com\\\/wp-content\\\/uploads\\\/2023\\\/12\\\/Logo-KM-or_avatar.png\",\"@id\":\"https:\\\/\\\/esthetiquekm.com\\\/index.php\\\/soins-du-regard\\\/#organizationLogo\",\"width\":512,\"height\":512},\"image\":{\"@id\":\"https:\\\/\\\/esthetiquekm.com\\\/index.php\\\/soins-du-regard\\\/#organizationLogo\"}},{\"@type\":\"WebPage\",\"@id\":\"https:\\\/\\\/esthetiquekm.com\\\/index.php\\\/soins-du-regard\\\/#webpage\",\"url\":\"https:\\\/\\\/esthetiquekm.com\\\/index.php\\\/soins-du-regard\\\/\",\"name\":\"Soins du regard - Kristina Meyer\",\"description\":\"Soins du regard Modelage des sourcils ...................... 30 \\u20ac Nettoyage des sourcils ..................... 25 \\u20ac Teinture des sourcils ......................... 20 \\u20ac Teinture des cils ................................ 25 \\u20ac Rehaussement des sourcils ............ 100 \\u20ac Rehaussement des cils ................... 100 \\u20ac Maquillage semi-permanent Sourcils Effet poudr\\u00e9 ................................................................ 300 \\u20ac Ombrage et correction de la couleur ........................ 300\",\"inLanguage\":\"fr-FR\",\"isPartOf\":{\"@id\":\"https:\\\/\\\/esthetiquekm.com\\\/#website\"},\"breadcrumb\":{\"@id\":\"https:\\\/\\\/esthetiquekm.com\\\/index.php\\\/soins-du-regard\\\/#breadcrumblist\"},\"image\":{\"@type\":\"ImageObject\",\"url\":\"https:\\\/\\\/esthetiquekm.com\\\/wp-content\\\/uploads\\\/2024\\\/01\\\/fond_entete_Regard.jpg\",\"@id\":\"https:\\\/\\\/esthetiquekm.com\\\/index.php\\\/soins-du-regard\\\/#mainImage\",\"width\":1200,\"height\":258,\"caption\":\"Ayez un regard de feux avec des cils envoutants et des sourcils biens dessin\\u00e9s !\"},\"primaryImageOfPage\":{\"@id\":\"https:\\\/\\\/esthetiquekm.com\\\/index.php\\\/soins-du-regard\\\/#mainImage\"},\"datePublished\":\"2024-01-08T11:09:18+01:00\",\"dateModified\":\"2025-09-27T11:11:42+02:00\"},{\"@type\":\"WebSite\",\"@id\":\"https:\\\/\\\/esthetiquekm.com\\\/#website\",\"url\":\"https:\\\/\\\/esthetiquekm.com\\\/\",\"name\":\"Institut Medecine Esthetique Kristina Meyer\",\"alternateName\":\"Institut Medecine Esthetique KM\",\"description\":\"Institut de beaut\\u00e9 - M\\u00e9decine Esth\\u00e9tique\",\"inLanguage\":\"fr-FR\",\"publisher\":{\"@id\":\"https:\\\/\\\/esthetiquekm.com\\\/#organization\"}}]}\n\t\t<\/script>\n\t\t<!-- All in One SEO -->\n\n","aioseo_head_json":{"title":"Soins du regard - Kristina Meyer","description":"Soins du regard Modelage des sourcils ...................... 30 \u20ac Nettoyage des sourcils ..................... 25 \u20ac Teinture des sourcils ......................... 20 \u20ac Teinture des cils ................................ 25 \u20ac Rehaussement des sourcils ............ 100 \u20ac Rehaussement des cils ................... 100 \u20ac Maquillage semi-permanent Sourcils Effet poudr\u00e9 ................................................................ 300 \u20ac Ombrage et correction de la couleur ........................ 300","canonical_url":"https:\/\/esthetiquekm.com\/index.php\/soins-du-regard\/","robots":"max-image-preview:large","keywords":"","webmasterTools":{"miscellaneous":""},"schema":{"@context":"https:\/\/schema.org","@graph":[{"@type":"BreadcrumbList","@id":"https:\/\/esthetiquekm.com\/index.php\/soins-du-regard\/#breadcrumblist","itemListElement":[{"@type":"ListItem","@id":"https:\/\/esthetiquekm.com#listItem","position":1,"name":"Home","item":"https:\/\/esthetiquekm.com","nextItem":{"@type":"ListItem","@id":"https:\/\/esthetiquekm.com\/index.php\/soins-du-regard\/#listItem","name":"Soins du regard"}},{"@type":"ListItem","@id":"https:\/\/esthetiquekm.com\/index.php\/soins-du-regard\/#listItem","position":2,"name":"Soins du regard","previousItem":{"@type":"ListItem","@id":"https:\/\/esthetiquekm.com#listItem","name":"Home"}}]},{"@type":"Organization","@id":"https:\/\/esthetiquekm.com\/#organization","name":"Institut Medecine Esthetique Kristina Meyer","description":"Institut de beaut\u00e9 - M\u00e9decine Esth\u00e9tique","url":"https:\/\/esthetiquekm.com\/","telephone":"+33146341510","logo":{"@type":"ImageObject","url":"https:\/\/esthetiquekm.com\/wp-content\/uploads\/2023\/12\/Logo-KM-or_avatar.png","@id":"https:\/\/esthetiquekm.com\/index.php\/soins-du-regard\/#organizationLogo","width":512,"height":512},"image":{"@id":"https:\/\/esthetiquekm.com\/index.php\/soins-du-regard\/#organizationLogo"}},{"@type":"WebPage","@id":"https:\/\/esthetiquekm.com\/index.php\/soins-du-regard\/#webpage","url":"https:\/\/esthetiquekm.com\/index.php\/soins-du-regard\/","name":"Soins du regard - Kristina Meyer","description":"Soins du regard Modelage des sourcils ...................... 30 \u20ac Nettoyage des sourcils ..................... 25 \u20ac Teinture des sourcils ......................... 20 \u20ac Teinture des cils ................................ 25 \u20ac Rehaussement des sourcils ............ 100 \u20ac Rehaussement des cils ................... 100 \u20ac Maquillage semi-permanent Sourcils Effet poudr\u00e9 ................................................................ 300 \u20ac Ombrage et correction de la couleur ........................ 300","inLanguage":"fr-FR","isPartOf":{"@id":"https:\/\/esthetiquekm.com\/#website"},"breadcrumb":{"@id":"https:\/\/esthetiquekm.com\/index.php\/soins-du-regard\/#breadcrumblist"},"image":{"@type":"ImageObject","url":"https:\/\/esthetiquekm.com\/wp-content\/uploads\/2024\/01\/fond_entete_Regard.jpg","@id":"https:\/\/esthetiquekm.com\/index.php\/soins-du-regard\/#mainImage","width":1200,"height":258,"caption":"Ayez un regard de feux avec des cils envoutants et des sourcils biens dessin\u00e9s !"},"primaryImageOfPage":{"@id":"https:\/\/esthetiquekm.com\/index.php\/soins-du-regard\/#mainImage"},"datePublished":"2024-01-08T11:09:18+01:00","dateModified":"2025-09-27T11:11:42+02:00"},{"@type":"WebSite","@id":"https:\/\/esthetiquekm.com\/#website","url":"https:\/\/esthetiquekm.com\/","name":"Institut Medecine Esthetique Kristina Meyer","alternateName":"Institut Medecine Esthetique KM","description":"Institut de beaut\u00e9 - M\u00e9decine Esth\u00e9tique","inLanguage":"fr-FR","publisher":{"@id":"https:\/\/esthetiquekm.com\/#organization"}}]},"og:locale":"fr_FR","og:site_name":"Kristina Meyer - Institut de beaut\u00e9 - M\u00e9decine Esth\u00e9tique","og:type":"article","og:title":"Soins du regard - Kristina Meyer","og:description":"Soins du regard Modelage des sourcils ...................... 30 \u20ac Nettoyage des sourcils ..................... 25 \u20ac Teinture des sourcils ......................... 20 \u20ac Teinture des cils ................................ 25 \u20ac Rehaussement des sourcils ............ 100 \u20ac Rehaussement des cils ................... 100 \u20ac Maquillage semi-permanent Sourcils Effet poudr\u00e9 ................................................................ 300 \u20ac Ombrage et correction de la couleur ........................ 300","og:url":"https:\/\/esthetiquekm.com\/index.php\/soins-du-regard\/","article:published_time":"2024-01-08T10:09:18+00:00","article:modified_time":"2025-09-27T09:11:42+00:00","twitter:card":"summary_large_image","twitter:title":"Soins du regard - Kristina Meyer","twitter:description":"Soins du regard Modelage des sourcils ...................... 30 \u20ac Nettoyage des sourcils ..................... 25 \u20ac Teinture des sourcils ......................... 20 \u20ac Teinture des cils ................................ 25 \u20ac Rehaussement des sourcils ............ 100 \u20ac Rehaussement des cils ................... 100 \u20ac Maquillage semi-permanent Sourcils Effet poudr\u00e9 ................................................................ 300 \u20ac Ombrage et correction de la couleur ........................ 300"},"aioseo_meta_data":{"post_id":"175","title":null,"description":null,"keywords":null,"keyphrases":{"focus":{"keyphrase":"","score":0,"analysis":{"keyphraseInTitle":{"score":0,"maxScore":9,"error":1}}},"additional":[]},"primary_term":null,"canonical_url":null,"og_title":null,"og_description":null,"og_object_type":"default","og_image_type":"default","og_image_url":null,"og_image_width":null,"og_image_height":null,"og_image_custom_url":null,"og_image_custom_fields":null,"og_video":"","og_custom_url":null,"og_article_section":null,"og_article_tags":null,"twitter_use_og":false,"twitter_card":"default","twitter_image_type":"default","twitter_image_url":null,"twitter_image_custom_url":null,"twitter_image_custom_fields":null,"twitter_title":null,"twitter_description":null,"schema":{"blockGraphs":[],"customGraphs":[],"default":{"data":{"Article":[],"Course":[],"Dataset":[],"FAQPage":[],"Movie":[],"Person":[],"Product":[],"ProductReview":[],"Car":[],"Recipe":[],"Service":[],"SoftwareApplication":[],"WebPage":[]},"graphName":"WebPage","isEnabled":true},"graphs":[]},"schema_type":"default","schema_type_options":null,"pillar_content":false,"robots_default":true,"robots_noindex":false,"robots_noarchive":false,"robots_nosnippet":false,"robots_nofollow":false,"robots_noimageindex":false,"robots_noodp":false,"robots_notranslate":false,"robots_max_snippet":"-1","robots_max_videopreview":"-1","robots_max_imagepreview":"large","priority":null,"frequency":"default","local_seo":null,"breadcrumb_settings":null,"limit_modified_date":false,"ai":{"faqs":[],"keyPoints":[],"titles":[],"descriptions":[],"socialPosts":{"email":[],"linkedin":[],"twitter":[],"facebook":[],"instagram":[]}},"created":"2024-01-08 10:09:19","updated":"2025-09-27 09:13:54","seo_analyzer_scan_date":null,"focus_keyword":null,"additional_keywords":null,"truseo_locale":null},"aioseo_breadcrumb":"<div class=\"aioseo-breadcrumbs\"><span class=\"aioseo-breadcrumb\">\n\t\t\t<a href=\"https:\/\/esthetiquekm.com\" title=\"Home\">Home<\/a>\n\t\t<\/span><span class=\"aioseo-breadcrumb-separator\">&raquo;<\/span><span class=\"aioseo-breadcrumb\">\n\t\t\tSoins du regard\n\t\t<\/span><\/div>","aioseo_breadcrumb_json":[{"label":"Home","link":"https:\/\/esthetiquekm.com"},{"label":"Soins du regard","link":"https:\/\/esthetiquekm.com\/index.php\/soins-du-regard\/"}],"_links":{"self":[{"href":"https:\/\/esthetiquekm.com\/index.php\/wp-json\/wp\/v2\/pages\/175","targetHints":{"allow":["GET"]}}],"collection":[{"href":"https:\/\/esthetiquekm.com\/index.php\/wp-json\/wp\/v2\/pages"}],"about":[{"href":"https:\/\/esthetiquekm.com\/index.php\/wp-json\/wp\/v2\/types\/page"}],"author":[{"embeddable":true,"href":"https:\/\/esthetiquekm.com\/index.php\/wp-json\/wp\/v2\/users\/1"}],"replies":[{"embeddable":true,"href":"https:\/\/esthetiquekm.com\/index.php\/wp-json\/wp\/v2\/comments?post=175"}],"version-history":[{"count":2,"href":"https:\/\/esthetiquekm.com\/index.php\/wp-json\/wp\/v2\/pages\/175\/revisions"}],"predecessor-version":[{"id":494,"href":"https:\/\/esthetiquekm.com\/index.php\/wp-json\/wp\/v2\/pages\/175\/revisions\/494"}],"wp:featuredmedia":[{"embeddable":true,"href":"https:\/\/esthetiquekm.com\/index.php\/wp-json\/wp\/v2\/media\/265"}],"wp:attachment":[{"href":"https:\/\/esthetiquekm.com\/index.php\/wp-json\/wp\/v2\/media?parent=175"}],"curies":[{"name":"wp","href":"https:\/\/api.w.org\/{rel}","templated":true}]}}