{"id":159,"date":"2024-01-05T15:09:03","date_gmt":"2024-01-05T14:09:03","guid":{"rendered":"https:\/\/esthetiquekm.com\/?page_id=159"},"modified":"2025-01-29T16:55:58","modified_gmt":"2025-01-29T15:55:58","slug":"contact","status":"publish","type":"page","link":"https:\/\/esthetiquekm.com\/index.php\/contact\/","title":{"rendered":"Rendez-vous chez nous"},"content":{"rendered":"\n<h2 class=\"wp-block-heading has-text-align-center has-large-font-size\"><em><mark style=\"background-color:rgba(0, 0, 0, 0)\" class=\"has-inline-color has-luminous-vivid-orange-color\">Institut M\u00e9decine Esth\u00e9tique Kristina Meyer <\/mark><\/em><\/h2>\n\n\n\n<p class=\"has-text-align-center has-medium-font-size wp-block-paragraph\">3, rue de Buci, Paris 6<sup>e<\/sup><\/p>\n\n\n\n<p class=\"has-text-align-center wp-block-paragraph\"><strong>Ouvert du lundi au dimanche, de 8h \u00e0 22h <br><mark style=\"background-color:rgba(0, 0, 0, 0)\" class=\"has-inline-color has-luminous-vivid-orange-color\">uniquement sur rendez-vous :<\/mark><\/strong><br>au <strong><mark style=\"background-color:rgba(0, 0, 0, 0);color:#247a5a\" class=\"has-inline-color\">01 46 34 15 10<\/mark><\/strong> <mark style=\"background-color:rgba(0, 0, 0, 0)\" class=\"has-inline-color has-black-color\">ou<\/mark> <strong><mark style=\"background-color:rgba(0, 0, 0, 0);color:#247a5a\" class=\"has-inline-color\">06 73 60 90 67<\/mark><\/strong><\/p>\n\n\n\n<p class=\"has-text-align-center wp-block-paragraph\">Pour r\u00e9server quand vous le souhaitez, nous vous demanderons <strong><em>un acompte de 10%<\/em><\/strong> <br>de la prestation r\u00e9serv\u00e9e pour vous. Merci de votre compr\u00e9hension.<\/p>\n\n\n\n<p class=\"has-text-align-center wp-block-paragraph\"><strong><mark style=\"background-color:rgba(0, 0, 0, 0)\" class=\"has-inline-color has-luminous-vivid-orange-color\">ou directement sur <a href=\"https:\/\/www.planity.com\/km-institut-cristina-meyer-medecine-esthetique-75006-paris\" target=\"_blank\" rel=\"noopener\" title=\"\">Planity<\/a> <\/mark><\/strong><br>pour planifier votre rendez-vous et choisir votre cr\u00e9neau horaire disponible.<\/p>\n\n\n\n<div class=\"wp-block-group is-nowrap is-layout-flex wp-container-core-group-is-layout-8f761849 wp-block-group-is-layout-flex\">\n<figure data-wp-context=\"{&quot;imageId&quot;:&quot;6a9532e49f482&quot;}\" data-wp-interactive=\"core\/image\" data-wp-key=\"6a9532e49f482\" class=\"wp-block-image size-full is-resized is-style-default wp-container-content-9cfa9a5a wp-lightbox-container\"><img loading=\"lazy\" decoding=\"async\" width=\"960\" height=\"732\" data-wp-class--hide=\"state.isContentHidden\" data-wp-class--show=\"state.isContentVisible\" data-wp-init=\"callbacks.setButtonStyles\" data-wp-on--click=\"actions.showLightbox\" data-wp-on--load=\"callbacks.setButtonStyles\" data-wp-on--pointerdown=\"actions.preloadImage\" data-wp-on--pointerenter=\"actions.preloadImageWithDelay\" data-wp-on--pointerleave=\"actions.cancelPreload\" data-wp-on-window--resize=\"callbacks.setButtonStyles\" src=\"https:\/\/esthetiquekm.com\/wp-content\/uploads\/2024\/01\/Map_Google_KM-Institut.jpg\" alt=\"\" class=\"wp-image-205\" style=\"width:757px;height:auto\" srcset=\"https:\/\/esthetiquekm.com\/wp-content\/uploads\/2024\/01\/Map_Google_KM-Institut.jpg 960w, https:\/\/esthetiquekm.com\/wp-content\/uploads\/2024\/01\/Map_Google_KM-Institut-300x229.jpg 300w, https:\/\/esthetiquekm.com\/wp-content\/uploads\/2024\/01\/Map_Google_KM-Institut-768x586.jpg 768w, https:\/\/esthetiquekm.com\/wp-content\/uploads\/2024\/01\/Map_Google_KM-Institut-79x60.jpg 79w, https:\/\/esthetiquekm.com\/wp-content\/uploads\/2024\/01\/Map_Google_KM-Institut-110x83.jpg 110w\" sizes=\"auto, (max-width: 960px) 100vw, 960px\" \/><button\n\t\t\tclass=\"lightbox-trigger\"\n\t\t\ttype=\"button\"\n\t\t\taria-haspopup=\"dialog\"\n\t\t\tdata-wp-bind--aria-label=\"state.thisImage.triggerButtonAriaLabel\"\n\t\t\tdata-wp-init=\"callbacks.initTriggerButton\"\n\t\t\tdata-wp-on--click=\"actions.showLightbox\"\n\t\t\tdata-wp-style--right=\"state.thisImage.buttonRight\"\n\t\t\tdata-wp-style--top=\"state.thisImage.buttonTop\"\n\t\t>\n\t\t\t<svg xmlns=\"http:\/\/www.w3.org\/2000\/svg\" width=\"12\" height=\"12\" fill=\"none\" viewBox=\"0 0 12 12\">\n\t\t\t\t<path fill=\"#fff\" d=\"M2 0a2 2 0 0 0-2 2v2h1.5V2a.5.5 0 0 1 .5-.5h2V0H2Zm2 10.5H2a.5.5 0 0 1-.5-.5V8H0v2a2 2 0 0 0 2 2h2v-1.5ZM8 12v-1.5h2a.5.5 0 0 0 .5-.5V8H12v2a2 2 0 0 1-2 2H8Zm2-12a2 2 0 0 1 2 2v2h-1.5V2a.5.5 0 0 0-.5-.5H8V0h2Z\" \/>\n\t\t\t<\/svg>\n\t\t<\/button><figcaption class=\"wp-element-caption\">3, rue de Buci, Paris 6<sup>e<\/sup> \/ M\u00e9tro Od\u00e9on (6 \u2013 10), Mabillon (10), Bus (58 \u2013 70)<br><a href=\"https:\/\/www.google.fr\/maps\/@48.853637,2.3381905,20z?entry=ttu\" title=\"\">https:\/\/www.google.fr\/maps\/@48.853637,2.3381905,20z<\/a><\/figcaption><\/figure>\n<\/div>\n\n\n\n<p class=\"wp-block-paragraph\"><\/p>\n","protected":false},"excerpt":{"rendered":"<p>Institut M\u00e9decine Esth\u00e9tique Kristina Meyer 3, rue de Buci, Paris 6e Ouvert du lundi au dimanche, de 8h \u00e0 22h uniquement sur rendez-vous :au 01 46 34 15 10 ou &hellip; <\/p>\n","protected":false},"author":1,"featured_media":250,"parent":0,"menu_order":0,"comment_status":"closed","ping_status":"closed","template":"","meta":{"_monsterinsights_skip_tracking":false,"_uf_show_specific_survey":0,"_uf_disable_surveys":false,"footnotes":""},"class_list":["post-159","page","type-page","status-publish","has-post-thumbnail","hentry"],"aioseo_notices":[],"aioseo_head":"\n\t\t<!-- All in One SEO 5.0.1.1 - aioseo.com -->\n\t<meta name=\"description\" content=\"Institut M\u00e9decine Esth\u00e9tique Kristina Meyer 3, rue de Buci, Paris 6e Ouvert du lundi au dimanche, de 8h \u00e0 22h uniquement sur rendez-vous :au 01 46 34 15 10 ou 06 73 60 90 67 Pour r\u00e9server quand vous le souhaitez, nous vous demanderons un acompte de 10% de la prestation r\u00e9serv\u00e9e pour vous. Merci\" \/>\n\t<meta name=\"robots\" content=\"max-image-preview:large\" \/>\n\t<link rel=\"canonical\" href=\"https:\/\/esthetiquekm.com\/index.php\/contact\/\" \/>\n\t<meta name=\"generator\" content=\"All in One SEO (AIOSEO) 5.0.1.1\" \/>\n\t\t<meta property=\"og:locale\" content=\"fr_FR\" \/>\n\t\t<meta property=\"og:site_name\" content=\"Kristina Meyer - Institut de beaut\u00e9 - M\u00e9decine Esth\u00e9tique\" \/>\n\t\t<meta property=\"og:type\" content=\"article\" \/>\n\t\t<meta property=\"og:title\" content=\"Rendez-vous chez nous - Kristina Meyer\" \/>\n\t\t<meta property=\"og:description\" content=\"Institut M\u00e9decine Esth\u00e9tique Kristina Meyer 3, rue de Buci, Paris 6e Ouvert du lundi au dimanche, de 8h \u00e0 22h uniquement sur rendez-vous :au 01 46 34 15 10 ou 06 73 60 90 67 Pour r\u00e9server quand vous le souhaitez, nous vous demanderons un acompte de 10% de la prestation r\u00e9serv\u00e9e pour vous. Merci\" \/>\n\t\t<meta property=\"og:url\" content=\"https:\/\/esthetiquekm.com\/index.php\/contact\/\" \/>\n\t\t<meta property=\"article:published_time\" content=\"2024-01-05T14:09:03+00:00\" \/>\n\t\t<meta property=\"article:modified_time\" content=\"2025-01-29T15:55:58+00:00\" \/>\n\t\t<meta name=\"twitter:card\" content=\"summary_large_image\" \/>\n\t\t<meta name=\"twitter:title\" content=\"Rendez-vous chez nous - Kristina Meyer\" \/>\n\t\t<meta name=\"twitter:description\" content=\"Institut M\u00e9decine Esth\u00e9tique Kristina Meyer 3, rue de Buci, Paris 6e Ouvert du lundi au dimanche, de 8h \u00e0 22h uniquement sur rendez-vous :au 01 46 34 15 10 ou 06 73 60 90 67 Pour r\u00e9server quand vous le souhaitez, nous vous demanderons un acompte de 10% de la prestation r\u00e9serv\u00e9e pour vous. Merci\" \/>\n\t\t<script type=\"application\/ld+json\" class=\"aioseo-schema\">\n\t\t\t{\"@context\":\"https:\\\/\\\/schema.org\",\"@graph\":[{\"@type\":\"BreadcrumbList\",\"@id\":\"https:\\\/\\\/esthetiquekm.com\\\/index.php\\\/contact\\\/#breadcrumblist\",\"itemListElement\":[{\"@type\":\"ListItem\",\"@id\":\"https:\\\/\\\/esthetiquekm.com#listItem\",\"position\":1,\"name\":\"Home\",\"item\":\"https:\\\/\\\/esthetiquekm.com\",\"nextItem\":{\"@type\":\"ListItem\",\"@id\":\"https:\\\/\\\/esthetiquekm.com\\\/index.php\\\/contact\\\/#listItem\",\"name\":\"Rendez-vous chez nous\"}},{\"@type\":\"ListItem\",\"@id\":\"https:\\\/\\\/esthetiquekm.com\\\/index.php\\\/contact\\\/#listItem\",\"position\":2,\"name\":\"Rendez-vous chez nous\",\"previousItem\":{\"@type\":\"ListItem\",\"@id\":\"https:\\\/\\\/esthetiquekm.com#listItem\",\"name\":\"Home\"}}]},{\"@type\":\"Organization\",\"@id\":\"https:\\\/\\\/esthetiquekm.com\\\/#organization\",\"name\":\"Institut Medecine Esthetique Kristina Meyer\",\"description\":\"Institut de beaut\\u00e9 - M\\u00e9decine Esth\\u00e9tique\",\"url\":\"https:\\\/\\\/esthetiquekm.com\\\/\",\"telephone\":\"+33146341510\",\"logo\":{\"@type\":\"ImageObject\",\"url\":\"https:\\\/\\\/esthetiquekm.com\\\/wp-content\\\/uploads\\\/2023\\\/12\\\/Logo-KM-or_avatar.png\",\"@id\":\"https:\\\/\\\/esthetiquekm.com\\\/index.php\\\/contact\\\/#organizationLogo\",\"width\":512,\"height\":512},\"image\":{\"@id\":\"https:\\\/\\\/esthetiquekm.com\\\/index.php\\\/contact\\\/#organizationLogo\"}},{\"@type\":\"WebPage\",\"@id\":\"https:\\\/\\\/esthetiquekm.com\\\/index.php\\\/contact\\\/#webpage\",\"url\":\"https:\\\/\\\/esthetiquekm.com\\\/index.php\\\/contact\\\/\",\"name\":\"Rendez-vous chez nous - Kristina Meyer\",\"description\":\"Institut M\\u00e9decine Esth\\u00e9tique Kristina Meyer 3, rue de Buci, Paris 6e Ouvert du lundi au dimanche, de 8h \\u00e0 22h uniquement sur rendez-vous :au 01 46 34 15 10 ou 06 73 60 90 67 Pour r\\u00e9server quand vous le souhaitez, nous vous demanderons un acompte de 10% de la prestation r\\u00e9serv\\u00e9e pour vous. Merci\",\"inLanguage\":\"fr-FR\",\"isPartOf\":{\"@id\":\"https:\\\/\\\/esthetiquekm.com\\\/#website\"},\"breadcrumb\":{\"@id\":\"https:\\\/\\\/esthetiquekm.com\\\/index.php\\\/contact\\\/#breadcrumblist\"},\"image\":{\"@type\":\"ImageObject\",\"url\":\"https:\\\/\\\/esthetiquekm.com\\\/wp-content\\\/uploads\\\/2024\\\/01\\\/fond_entete_contact_KM-2.jpg\",\"@id\":\"https:\\\/\\\/esthetiquekm.com\\\/index.php\\\/contact\\\/#mainImage\",\"width\":1200,\"height\":258,\"caption\":\"3 rue de Buci 75006 Paris France\"},\"primaryImageOfPage\":{\"@id\":\"https:\\\/\\\/esthetiquekm.com\\\/index.php\\\/contact\\\/#mainImage\"},\"datePublished\":\"2024-01-05T15:09:03+01:00\",\"dateModified\":\"2025-01-29T16:55:58+01:00\"},{\"@type\":\"WebSite\",\"@id\":\"https:\\\/\\\/esthetiquekm.com\\\/#website\",\"url\":\"https:\\\/\\\/esthetiquekm.com\\\/\",\"name\":\"Institut Medecine Esthetique Kristina Meyer\",\"alternateName\":\"Institut Medecine Esthetique KM\",\"description\":\"Institut de beaut\\u00e9 - M\\u00e9decine Esth\\u00e9tique\",\"inLanguage\":\"fr-FR\",\"publisher\":{\"@id\":\"https:\\\/\\\/esthetiquekm.com\\\/#organization\"}}]}\n\t\t<\/script>\n\t\t<!-- All in One SEO -->\n\n","aioseo_head_json":{"title":"Rendez-vous chez nous - Kristina Meyer","description":"Institut M\u00e9decine Esth\u00e9tique Kristina Meyer 3, rue de Buci, Paris 6e Ouvert du lundi au dimanche, de 8h \u00e0 22h uniquement sur rendez-vous :au 01 46 34 15 10 ou 06 73 60 90 67 Pour r\u00e9server quand vous le souhaitez, nous vous demanderons un acompte de 10% de la prestation r\u00e9serv\u00e9e pour vous. Merci","canonical_url":"https:\/\/esthetiquekm.com\/index.php\/contact\/","robots":"max-image-preview:large","keywords":"","webmasterTools":{"miscellaneous":""},"schema":{"@context":"https:\/\/schema.org","@graph":[{"@type":"BreadcrumbList","@id":"https:\/\/esthetiquekm.com\/index.php\/contact\/#breadcrumblist","itemListElement":[{"@type":"ListItem","@id":"https:\/\/esthetiquekm.com#listItem","position":1,"name":"Home","item":"https:\/\/esthetiquekm.com","nextItem":{"@type":"ListItem","@id":"https:\/\/esthetiquekm.com\/index.php\/contact\/#listItem","name":"Rendez-vous chez nous"}},{"@type":"ListItem","@id":"https:\/\/esthetiquekm.com\/index.php\/contact\/#listItem","position":2,"name":"Rendez-vous chez nous","previousItem":{"@type":"ListItem","@id":"https:\/\/esthetiquekm.com#listItem","name":"Home"}}]},{"@type":"Organization","@id":"https:\/\/esthetiquekm.com\/#organization","name":"Institut Medecine Esthetique Kristina Meyer","description":"Institut de beaut\u00e9 - M\u00e9decine Esth\u00e9tique","url":"https:\/\/esthetiquekm.com\/","telephone":"+33146341510","logo":{"@type":"ImageObject","url":"https:\/\/esthetiquekm.com\/wp-content\/uploads\/2023\/12\/Logo-KM-or_avatar.png","@id":"https:\/\/esthetiquekm.com\/index.php\/contact\/#organizationLogo","width":512,"height":512},"image":{"@id":"https:\/\/esthetiquekm.com\/index.php\/contact\/#organizationLogo"}},{"@type":"WebPage","@id":"https:\/\/esthetiquekm.com\/index.php\/contact\/#webpage","url":"https:\/\/esthetiquekm.com\/index.php\/contact\/","name":"Rendez-vous chez nous - Kristina Meyer","description":"Institut M\u00e9decine Esth\u00e9tique Kristina Meyer 3, rue de Buci, Paris 6e Ouvert du lundi au dimanche, de 8h \u00e0 22h uniquement sur rendez-vous :au 01 46 34 15 10 ou 06 73 60 90 67 Pour r\u00e9server quand vous le souhaitez, nous vous demanderons un acompte de 10% de la prestation r\u00e9serv\u00e9e pour vous. Merci","inLanguage":"fr-FR","isPartOf":{"@id":"https:\/\/esthetiquekm.com\/#website"},"breadcrumb":{"@id":"https:\/\/esthetiquekm.com\/index.php\/contact\/#breadcrumblist"},"image":{"@type":"ImageObject","url":"https:\/\/esthetiquekm.com\/wp-content\/uploads\/2024\/01\/fond_entete_contact_KM-2.jpg","@id":"https:\/\/esthetiquekm.com\/index.php\/contact\/#mainImage","width":1200,"height":258,"caption":"3 rue de Buci 75006 Paris France"},"primaryImageOfPage":{"@id":"https:\/\/esthetiquekm.com\/index.php\/contact\/#mainImage"},"datePublished":"2024-01-05T15:09:03+01:00","dateModified":"2025-01-29T16:55:58+01:00"},{"@type":"WebSite","@id":"https:\/\/esthetiquekm.com\/#website","url":"https:\/\/esthetiquekm.com\/","name":"Institut Medecine Esthetique Kristina Meyer","alternateName":"Institut Medecine Esthetique KM","description":"Institut de beaut\u00e9 - M\u00e9decine Esth\u00e9tique","inLanguage":"fr-FR","publisher":{"@id":"https:\/\/esthetiquekm.com\/#organization"}}]},"og:locale":"fr_FR","og:site_name":"Kristina Meyer - Institut de beaut\u00e9 - M\u00e9decine Esth\u00e9tique","og:type":"article","og:title":"Rendez-vous chez nous - Kristina Meyer","og:description":"Institut M\u00e9decine Esth\u00e9tique Kristina Meyer 3, rue de Buci, Paris 6e Ouvert du lundi au dimanche, de 8h \u00e0 22h uniquement sur rendez-vous :au 01 46 34 15 10 ou 06 73 60 90 67 Pour r\u00e9server quand vous le souhaitez, nous vous demanderons un acompte de 10% de la prestation r\u00e9serv\u00e9e pour vous. Merci","og:url":"https:\/\/esthetiquekm.com\/index.php\/contact\/","article:published_time":"2024-01-05T14:09:03+00:00","article:modified_time":"2025-01-29T15:55:58+00:00","twitter:card":"summary_large_image","twitter:title":"Rendez-vous chez nous - Kristina Meyer","twitter:description":"Institut M\u00e9decine Esth\u00e9tique Kristina Meyer 3, rue de Buci, Paris 6e Ouvert du lundi au dimanche, de 8h \u00e0 22h uniquement sur rendez-vous :au 01 46 34 15 10 ou 06 73 60 90 67 Pour r\u00e9server quand vous le souhaitez, nous vous demanderons un acompte de 10% de la prestation r\u00e9serv\u00e9e pour vous. Merci"},"aioseo_meta_data":{"post_id":"159","title":null,"description":null,"keywords":null,"keyphrases":{"focus":{"keyphrase":"","score":0,"analysis":{"keyphraseInTitle":{"score":0,"maxScore":9,"error":1}}},"additional":[]},"primary_term":null,"canonical_url":null,"og_title":null,"og_description":null,"og_object_type":"default","og_image_type":"default","og_image_url":null,"og_image_width":null,"og_image_height":null,"og_image_custom_url":null,"og_image_custom_fields":null,"og_video":"","og_custom_url":null,"og_article_section":null,"og_article_tags":null,"twitter_use_og":false,"twitter_card":"default","twitter_image_type":"default","twitter_image_url":null,"twitter_image_custom_url":null,"twitter_image_custom_fields":null,"twitter_title":null,"twitter_description":null,"schema":{"blockGraphs":[],"customGraphs":[],"default":{"data":{"Article":[],"Course":[],"Dataset":[],"FAQPage":[],"Movie":[],"Person":[],"Product":[],"ProductReview":[],"Car":[],"Recipe":[],"Service":[],"SoftwareApplication":[],"WebPage":[]},"graphName":"WebPage","isEnabled":true},"graphs":[]},"schema_type":"default","schema_type_options":null,"pillar_content":false,"robots_default":true,"robots_noindex":false,"robots_noarchive":false,"robots_nosnippet":false,"robots_nofollow":false,"robots_noimageindex":false,"robots_noodp":false,"robots_notranslate":false,"robots_max_snippet":"-1","robots_max_videopreview":"-1","robots_max_imagepreview":"large","priority":null,"frequency":"default","local_seo":null,"breadcrumb_settings":null,"limit_modified_date":false,"ai":null,"created":"2024-01-05 14:09:03","updated":"2025-06-04 03:38:41","seo_analyzer_scan_date":null,"focus_keyword":null,"additional_keywords":null,"truseo_locale":null},"aioseo_breadcrumb":"<div class=\"aioseo-breadcrumbs\"><span class=\"aioseo-breadcrumb\">\n\t\t\t<a href=\"https:\/\/esthetiquekm.com\" title=\"Home\">Home<\/a>\n\t\t<\/span><span class=\"aioseo-breadcrumb-separator\">&raquo;<\/span><span class=\"aioseo-breadcrumb\">\n\t\t\tRendez-vous chez nous\n\t\t<\/span><\/div>","aioseo_breadcrumb_json":[{"label":"Home","link":"https:\/\/esthetiquekm.com"},{"label":"Rendez-vous chez nous","link":"https:\/\/esthetiquekm.com\/index.php\/contact\/"}],"_links":{"self":[{"href":"https:\/\/esthetiquekm.com\/index.php\/wp-json\/wp\/v2\/pages\/159","targetHints":{"allow":["GET"]}}],"collection":[{"href":"https:\/\/esthetiquekm.com\/index.php\/wp-json\/wp\/v2\/pages"}],"about":[{"href":"https:\/\/esthetiquekm.com\/index.php\/wp-json\/wp\/v2\/types\/page"}],"author":[{"embeddable":true,"href":"https:\/\/esthetiquekm.com\/index.php\/wp-json\/wp\/v2\/users\/1"}],"replies":[{"embeddable":true,"href":"https:\/\/esthetiquekm.com\/index.php\/wp-json\/wp\/v2\/comments?post=159"}],"version-history":[{"count":34,"href":"https:\/\/esthetiquekm.com\/index.php\/wp-json\/wp\/v2\/pages\/159\/revisions"}],"predecessor-version":[{"id":472,"href":"https:\/\/esthetiquekm.com\/index.php\/wp-json\/wp\/v2\/pages\/159\/revisions\/472"}],"wp:featuredmedia":[{"embeddable":true,"href":"https:\/\/esthetiquekm.com\/index.php\/wp-json\/wp\/v2\/media\/250"}],"wp:attachment":[{"href":"https:\/\/esthetiquekm.com\/index.php\/wp-json\/wp\/v2\/media?parent=159"}],"curies":[{"name":"wp","href":"https:\/\/api.w.org\/{rel}","templated":true}]}}